{"id":78,"date":"2020-10-29T11:27:57","date_gmt":"2020-10-29T11:27:57","guid":{"rendered":"http:\/\/89.166.51.80\/~kalatalouskeskus\/joutsan-osakaskunta\/?page_id=78"},"modified":"2021-06-26T17:07:28","modified_gmt":"2021-06-26T17:07:28","slug":"valokuvia","status":"publish","type":"page","link":"https:\/\/suonteenkalatalousalue.fi\/joutsan-osakaskunta\/valokuvia\/","title":{"rendered":"Valokuvia"},"content":{"rendered":"\n<h2 class=\"wp-block-heading\">Valokuvia<\/h2>\n\n\n\n<figure class=\"wp-block-gallery columns-2 is-cropped wp-block-gallery-1 is-layout-flex wp-block-gallery-is-layout-flex\"><ul class=\"blocks-gallery-grid\"><li class=\"blocks-gallery-item\"><figure><a href=\"https:\/\/suonteenkalatalousalue.fi\/joutsan-osakaskunta\/wp-content\/uploads\/sites\/2\/2020\/10\/viherkoski-2020.jpg\"><img loading=\"lazy\" decoding=\"async\" width=\"798\" height=\"481\" src=\"https:\/\/suonteenkalatalousalue.fi\/joutsan-osakaskunta\/wp-content\/uploads\/sites\/2\/2020\/10\/viherkoski-2020.jpg\" alt=\"\" data-id=\"122\" data-link=\"http:\/\/89.166.51.80\/~kalatalouskeskus\/joutsan-osakaskunta\/valokuvia\/viherkoski-2020\/\" class=\"wp-image-122\" srcset=\"https:\/\/suonteenkalatalousalue.fi\/joutsan-osakaskunta\/wp-content\/uploads\/sites\/2\/2020\/10\/viherkoski-2020.jpg 798w, https:\/\/suonteenkalatalousalue.fi\/joutsan-osakaskunta\/wp-content\/uploads\/sites\/2\/2020\/10\/viherkoski-2020-300x181.jpg 300w, https:\/\/suonteenkalatalousalue.fi\/joutsan-osakaskunta\/wp-content\/uploads\/sites\/2\/2020\/10\/viherkoski-2020-768x463.jpg 768w\" sizes=\"auto, (max-width: 798px) 100vw, 798px\" \/><\/a><figcaption class=\"blocks-gallery-item__caption\">Viherinkoski 2.1.2020<\/figcaption><\/figure><\/li><li class=\"blocks-gallery-item\"><figure><a href=\"https:\/\/suonteenkalatalousalue.fi\/joutsan-osakaskunta\/wp-content\/uploads\/sites\/2\/2020\/10\/siian-istutus-syksy-2020.jpg\"><img loading=\"lazy\" decoding=\"async\" width=\"800\" height=\"388\" src=\"https:\/\/suonteenkalatalousalue.fi\/joutsan-osakaskunta\/wp-content\/uploads\/sites\/2\/2020\/10\/siian-istutus-syksy-2020.jpg\" alt=\"\" data-id=\"119\" data-link=\"http:\/\/89.166.51.80\/~kalatalouskeskus\/joutsan-osakaskunta\/valokuvia\/siian-istutus-syksy-2020\/\" class=\"wp-image-119\" srcset=\"https:\/\/suonteenkalatalousalue.fi\/joutsan-osakaskunta\/wp-content\/uploads\/sites\/2\/2020\/10\/siian-istutus-syksy-2020.jpg 800w, https:\/\/suonteenkalatalousalue.fi\/joutsan-osakaskunta\/wp-content\/uploads\/sites\/2\/2020\/10\/siian-istutus-syksy-2020-300x146.jpg 300w, https:\/\/suonteenkalatalousalue.fi\/joutsan-osakaskunta\/wp-content\/uploads\/sites\/2\/2020\/10\/siian-istutus-syksy-2020-768x372.jpg 768w\" sizes=\"auto, (max-width: 800px) 100vw, 800px\" \/><\/a><figcaption class=\"blocks-gallery-item__caption\">Siian istutus syksy 2019 <\/figcaption><\/figure><\/li><li class=\"blocks-gallery-item\"><figure><a href=\"https:\/\/suonteenkalatalousalue.fi\/joutsan-osakaskunta\/wp-content\/uploads\/sites\/2\/2020\/10\/viheri-2018.jpg\"><img loading=\"lazy\" decoding=\"async\" width=\"799\" height=\"441\" src=\"https:\/\/suonteenkalatalousalue.fi\/joutsan-osakaskunta\/wp-content\/uploads\/sites\/2\/2020\/10\/viheri-2018.jpg\" alt=\"\" data-id=\"121\" data-link=\"http:\/\/89.166.51.80\/~kalatalouskeskus\/joutsan-osakaskunta\/valokuvia\/viheri-2018\/\" class=\"wp-image-121\" srcset=\"https:\/\/suonteenkalatalousalue.fi\/joutsan-osakaskunta\/wp-content\/uploads\/sites\/2\/2020\/10\/viheri-2018.jpg 799w, https:\/\/suonteenkalatalousalue.fi\/joutsan-osakaskunta\/wp-content\/uploads\/sites\/2\/2020\/10\/viheri-2018-300x166.jpg 300w, https:\/\/suonteenkalatalousalue.fi\/joutsan-osakaskunta\/wp-content\/uploads\/sites\/2\/2020\/10\/viheri-2018-768x424.jpg 768w\" sizes=\"auto, (max-width: 799px) 100vw, 799px\" \/><\/a><figcaption class=\"blocks-gallery-item__caption\">Viheri 27.12.2018<\/figcaption><\/figure><\/li><li class=\"blocks-gallery-item\"><figure><a href=\"https:\/\/suonteenkalatalousalue.fi\/joutsan-osakaskunta\/wp-content\/uploads\/sites\/2\/2020\/10\/suontee-2018.jpg\"><img loading=\"lazy\" decoding=\"async\" width=\"800\" height=\"528\" src=\"https:\/\/suonteenkalatalousalue.fi\/joutsan-osakaskunta\/wp-content\/uploads\/sites\/2\/2020\/10\/suontee-2018.jpg\" alt=\"\" data-id=\"120\" data-link=\"http:\/\/89.166.51.80\/~kalatalouskeskus\/joutsan-osakaskunta\/valokuvia\/suontee-2018\/\" class=\"wp-image-120\" srcset=\"https:\/\/suonteenkalatalousalue.fi\/joutsan-osakaskunta\/wp-content\/uploads\/sites\/2\/2020\/10\/suontee-2018.jpg 800w, https:\/\/suonteenkalatalousalue.fi\/joutsan-osakaskunta\/wp-content\/uploads\/sites\/2\/2020\/10\/suontee-2018-300x198.jpg 300w, https:\/\/suonteenkalatalousalue.fi\/joutsan-osakaskunta\/wp-content\/uploads\/sites\/2\/2020\/10\/suontee-2018-768x507.jpg 768w\" sizes=\"auto, (max-width: 800px) 100vw, 800px\" \/><\/a><figcaption class=\"blocks-gallery-item__caption\">Suontee 26.12.2018<\/figcaption><\/figure><\/li><li class=\"blocks-gallery-item\"><figure><a href=\"https:\/\/suonteenkalatalousalue.fi\/joutsan-osakaskunta\/wp-content\/uploads\/sites\/2\/2020\/10\/angesselka-2018.jpg\"><img loading=\"lazy\" decoding=\"async\" width=\"800\" height=\"433\" src=\"https:\/\/suonteenkalatalousalue.fi\/joutsan-osakaskunta\/wp-content\/uploads\/sites\/2\/2020\/10\/angesselka-2018.jpg\" alt=\"\" data-id=\"113\" data-link=\"http:\/\/89.166.51.80\/~kalatalouskeskus\/joutsan-osakaskunta\/valokuvia\/angesselka-2018\/\" class=\"wp-image-113\" srcset=\"https:\/\/suonteenkalatalousalue.fi\/joutsan-osakaskunta\/wp-content\/uploads\/sites\/2\/2020\/10\/angesselka-2018.jpg 800w, https:\/\/suonteenkalatalousalue.fi\/joutsan-osakaskunta\/wp-content\/uploads\/sites\/2\/2020\/10\/angesselka-2018-300x162.jpg 300w, https:\/\/suonteenkalatalousalue.fi\/joutsan-osakaskunta\/wp-content\/uploads\/sites\/2\/2020\/10\/angesselka-2018-768x416.jpg 768w\" sizes=\"auto, (max-width: 800px) 100vw, 800px\" \/><\/a><figcaption class=\"blocks-gallery-item__caption\">Angesselk\u00e4 sai harvan j\u00e4\u00e4peitteen 9.1.2018<\/figcaption><\/figure><\/li><li class=\"blocks-gallery-item\"><figure><a href=\"https:\/\/suonteenkalatalousalue.fi\/joutsan-osakaskunta\/wp-content\/uploads\/sites\/2\/2020\/10\/siian-istutus-2017.jpg\"><img loading=\"lazy\" decoding=\"async\" width=\"800\" height=\"449\" src=\"https:\/\/suonteenkalatalousalue.fi\/joutsan-osakaskunta\/wp-content\/uploads\/sites\/2\/2020\/10\/siian-istutus-2017.jpg\" alt=\"\" data-id=\"118\" data-link=\"http:\/\/89.166.51.80\/~kalatalouskeskus\/joutsan-osakaskunta\/valokuvia\/siian-istutus-2017\/\" class=\"wp-image-118\" srcset=\"https:\/\/suonteenkalatalousalue.fi\/joutsan-osakaskunta\/wp-content\/uploads\/sites\/2\/2020\/10\/siian-istutus-2017.jpg 800w, https:\/\/suonteenkalatalousalue.fi\/joutsan-osakaskunta\/wp-content\/uploads\/sites\/2\/2020\/10\/siian-istutus-2017-300x168.jpg 300w, https:\/\/suonteenkalatalousalue.fi\/joutsan-osakaskunta\/wp-content\/uploads\/sites\/2\/2020\/10\/siian-istutus-2017-768x431.jpg 768w\" sizes=\"auto, (max-width: 800px) 100vw, 800px\" \/><\/a><figcaption class=\"blocks-gallery-item__caption\">Syksyn 2017 siianpoikaset istutettiin Angesselk\u00e4\u00e4n, Iso S\u00e4ynj\u00e4rveen, V\u00e4h\u00e4 S\u00e4ynj\u00e4rveen ja Viheriin. Poikasia istutettiin n. 19 000 kpl (10,4 cm)<\/figcaption><\/figure><\/li><li class=\"blocks-gallery-item\"><figure><a href=\"https:\/\/suonteenkalatalousalue.fi\/joutsan-osakaskunta\/wp-content\/uploads\/sites\/2\/2020\/10\/kuhan-istutus-2017.jpg\"><img loading=\"lazy\" decoding=\"async\" width=\"800\" height=\"510\" src=\"https:\/\/suonteenkalatalousalue.fi\/joutsan-osakaskunta\/wp-content\/uploads\/sites\/2\/2020\/10\/kuhan-istutus-2017.jpg\" alt=\"\" data-id=\"116\" data-link=\"http:\/\/89.166.51.80\/~kalatalouskeskus\/joutsan-osakaskunta\/valokuvia\/kuhan-istutus-2017\/\" class=\"wp-image-116\" srcset=\"https:\/\/suonteenkalatalousalue.fi\/joutsan-osakaskunta\/wp-content\/uploads\/sites\/2\/2020\/10\/kuhan-istutus-2017.jpg 800w, https:\/\/suonteenkalatalousalue.fi\/joutsan-osakaskunta\/wp-content\/uploads\/sites\/2\/2020\/10\/kuhan-istutus-2017-300x191.jpg 300w, https:\/\/suonteenkalatalousalue.fi\/joutsan-osakaskunta\/wp-content\/uploads\/sites\/2\/2020\/10\/kuhan-istutus-2017-768x490.jpg 768w\" sizes=\"auto, (max-width: 800px) 100vw, 800px\" \/><\/a><figcaption class=\"blocks-gallery-item__caption\">Syksyn 2017 kuhaistutukset tehtiin Angesselk\u00e4\u00e4n, Suonteeseen, Isoon S\u00e4ynj\u00e4rveen ja Nurmaanj\u00e4rveen<\/figcaption><\/figure><\/li><li class=\"blocks-gallery-item\"><figure><a href=\"https:\/\/suonteenkalatalousalue.fi\/joutsan-osakaskunta\/wp-content\/uploads\/sites\/2\/2020\/10\/myllykosken-alajuoksun-kunnostus-2017.jpg\"><img loading=\"lazy\" decoding=\"async\" width=\"800\" height=\"450\" src=\"https:\/\/suonteenkalatalousalue.fi\/joutsan-osakaskunta\/wp-content\/uploads\/sites\/2\/2020\/10\/myllykosken-alajuoksun-kunnostus-2017.jpg\" alt=\"\" data-id=\"117\" data-link=\"http:\/\/89.166.51.80\/~kalatalouskeskus\/joutsan-osakaskunta\/valokuvia\/myllykosken-alajuoksun-kunnostus-2017\/\" class=\"wp-image-117\" srcset=\"https:\/\/suonteenkalatalousalue.fi\/joutsan-osakaskunta\/wp-content\/uploads\/sites\/2\/2020\/10\/myllykosken-alajuoksun-kunnostus-2017.jpg 800w, https:\/\/suonteenkalatalousalue.fi\/joutsan-osakaskunta\/wp-content\/uploads\/sites\/2\/2020\/10\/myllykosken-alajuoksun-kunnostus-2017-300x169.jpg 300w, https:\/\/suonteenkalatalousalue.fi\/joutsan-osakaskunta\/wp-content\/uploads\/sites\/2\/2020\/10\/myllykosken-alajuoksun-kunnostus-2017-768x432.jpg 768w\" sizes=\"auto, (max-width: 800px) 100vw, 800px\" \/><\/a><figcaption class=\"blocks-gallery-item__caption\">Myllykosken alajuoksun kunnostus jatkui elokuussa 2017<\/figcaption><\/figure><\/li><li class=\"blocks-gallery-item\"><figure><a href=\"https:\/\/suonteenkalatalousalue.fi\/joutsan-osakaskunta\/wp-content\/uploads\/sites\/2\/2020\/10\/kirjolohien-istutus-2017.jpg\"><img loading=\"lazy\" decoding=\"async\" width=\"800\" height=\"450\" src=\"https:\/\/suonteenkalatalousalue.fi\/joutsan-osakaskunta\/wp-content\/uploads\/sites\/2\/2020\/10\/kirjolohien-istutus-2017.jpg\" alt=\"\" data-id=\"115\" data-link=\"http:\/\/89.166.51.80\/~kalatalouskeskus\/joutsan-osakaskunta\/valokuvia\/kirjolohien-istutus-2017\/\" class=\"wp-image-115\" srcset=\"https:\/\/suonteenkalatalousalue.fi\/joutsan-osakaskunta\/wp-content\/uploads\/sites\/2\/2020\/10\/kirjolohien-istutus-2017.jpg 800w, https:\/\/suonteenkalatalousalue.fi\/joutsan-osakaskunta\/wp-content\/uploads\/sites\/2\/2020\/10\/kirjolohien-istutus-2017-300x169.jpg 300w, https:\/\/suonteenkalatalousalue.fi\/joutsan-osakaskunta\/wp-content\/uploads\/sites\/2\/2020\/10\/kirjolohien-istutus-2017-768x432.jpg 768w\" sizes=\"auto, (max-width: 800px) 100vw, 800px\" \/><\/a><figcaption class=\"blocks-gallery-item__caption\">Kirjolohien istutus Viherinkoskeen 9.6.2017 <\/figcaption><\/figure><\/li><li class=\"blocks-gallery-item\"><figure><a href=\"https:\/\/suonteenkalatalousalue.fi\/joutsan-osakaskunta\/wp-content\/uploads\/sites\/2\/2020\/10\/kirjolohia.jpg\"><img loading=\"lazy\" decoding=\"async\" width=\"800\" height=\"454\" src=\"https:\/\/suonteenkalatalousalue.fi\/joutsan-osakaskunta\/wp-content\/uploads\/sites\/2\/2020\/10\/kirjolohia.jpg\" alt=\"\" data-id=\"114\" data-link=\"http:\/\/89.166.51.80\/~kalatalouskeskus\/joutsan-osakaskunta\/valokuvia\/kirjolohia\/\" class=\"wp-image-114\" srcset=\"https:\/\/suonteenkalatalousalue.fi\/joutsan-osakaskunta\/wp-content\/uploads\/sites\/2\/2020\/10\/kirjolohia.jpg 800w, https:\/\/suonteenkalatalousalue.fi\/joutsan-osakaskunta\/wp-content\/uploads\/sites\/2\/2020\/10\/kirjolohia-300x170.jpg 300w, https:\/\/suonteenkalatalousalue.fi\/joutsan-osakaskunta\/wp-content\/uploads\/sites\/2\/2020\/10\/kirjolohia-768x436.jpg 768w\" sizes=\"auto, (max-width: 800px) 100vw, 800px\" \/><\/a><\/figure><\/li><li class=\"blocks-gallery-item\"><figure><a href=\"https:\/\/suonteenkalatalousalue.fi\/joutsan-osakaskunta\/wp-content\/uploads\/sites\/2\/2021\/06\/20210523_134246_016-3-scaled.jpg\"><img loading=\"lazy\" decoding=\"async\" width=\"2560\" height=\"1244\" src=\"https:\/\/suonteenkalatalousalue.fi\/joutsan-osakaskunta\/wp-content\/uploads\/sites\/2\/2021\/06\/20210523_134246_016-3-scaled.jpg\" alt=\"\" data-id=\"213\" data-full-url=\"https:\/\/suonteenkalatalousalue.fi\/joutsan-osakaskunta\/wp-content\/uploads\/sites\/2\/2021\/06\/20210523_134246_016-3-scaled.jpg\" data-link=\"https:\/\/suonteenkalatalousalue.fi\/joutsan-osakaskunta\/valokuvia\/20210523_134246_016-3\/\" class=\"wp-image-213\" srcset=\"https:\/\/suonteenkalatalousalue.fi\/joutsan-osakaskunta\/wp-content\/uploads\/sites\/2\/2021\/06\/20210523_134246_016-3-scaled.jpg 2560w, https:\/\/suonteenkalatalousalue.fi\/joutsan-osakaskunta\/wp-content\/uploads\/sites\/2\/2021\/06\/20210523_134246_016-3-300x146.jpg 300w, https:\/\/suonteenkalatalousalue.fi\/joutsan-osakaskunta\/wp-content\/uploads\/sites\/2\/2021\/06\/20210523_134246_016-3-1024x498.jpg 1024w, https:\/\/suonteenkalatalousalue.fi\/joutsan-osakaskunta\/wp-content\/uploads\/sites\/2\/2021\/06\/20210523_134246_016-3-768x373.jpg 768w, https:\/\/suonteenkalatalousalue.fi\/joutsan-osakaskunta\/wp-content\/uploads\/sites\/2\/2021\/06\/20210523_134246_016-3-1536x747.jpg 1536w, https:\/\/suonteenkalatalousalue.fi\/joutsan-osakaskunta\/wp-content\/uploads\/sites\/2\/2021\/06\/20210523_134246_016-3-2048x996.jpg 2048w\" sizes=\"auto, (max-width: 2560px) 100vw, 2560px\" \/><\/a><figcaption class=\"blocks-gallery-item__caption\">Myllykosken kuohuja 23.5.2021<\/figcaption><\/figure><\/li><\/ul><\/figure>\n\n\n\n<p><\/p>\n","protected":false},"excerpt":{"rendered":"<p>Valokuvia<\/p>\n","protected":false},"author":1,"featured_media":0,"parent":0,"menu_order":0,"comment_status":"closed","ping_status":"closed","template":"basic-sivu.php","meta":{"_acf_changed":false,"footnotes":""},"class_list":["post-78","page","type-page","status-publish","hentry"],"acf":[],"yoast_head":"<!-- This site is optimized with the Yoast SEO plugin v27.1.1 - https:\/\/yoast.com\/product\/yoast-seo-wordpress\/ -->\n<title>Valokuvia - Joutsan osakaskunta<\/title>\n<meta name=\"robots\" content=\"index, follow, max-snippet:-1, max-image-preview:large, max-video-preview:-1\" \/>\n<link rel=\"canonical\" href=\"https:\/\/suonteenkalatalousalue.fi\/joutsan-osakaskunta\/valokuvia\/\" \/>\n<meta property=\"og:locale\" content=\"fi_FI\" \/>\n<meta property=\"og:type\" content=\"article\" \/>\n<meta property=\"og:title\" content=\"Valokuvia - Joutsan osakaskunta\" \/>\n<meta property=\"og:description\" content=\"Valokuvia\" \/>\n<meta property=\"og:url\" content=\"https:\/\/suonteenkalatalousalue.fi\/joutsan-osakaskunta\/valokuvia\/\" \/>\n<meta property=\"og:site_name\" content=\"Joutsan osakaskunta\" \/>\n<meta property=\"article:modified_time\" content=\"2021-06-26T17:07:28+00:00\" \/>\n<meta property=\"og:image\" content=\"https:\/\/suonteenkalatalousalue.fi\/joutsan-osakaskunta\/wp-content\/uploads\/sites\/2\/2020\/10\/viherkoski-2020.jpg\" \/>\n<meta name=\"twitter:card\" content=\"summary_large_image\" \/>\n<meta name=\"twitter:label1\" content=\"Arvioitu lukuaika\" \/>\n\t<meta name=\"twitter:data1\" content=\"3 minuuttia\" \/>\n<script type=\"application\/ld+json\" class=\"yoast-schema-graph\">{\"@context\":\"https:\/\/schema.org\",\"@graph\":[{\"@type\":\"WebPage\",\"@id\":\"https:\/\/suonteenkalatalousalue.fi\/joutsan-osakaskunta\/valokuvia\/\",\"url\":\"https:\/\/suonteenkalatalousalue.fi\/joutsan-osakaskunta\/valokuvia\/\",\"name\":\"Valokuvia - Joutsan osakaskunta\",\"isPartOf\":{\"@id\":\"https:\/\/suonteenkalatalousalue.fi\/joutsan-osakaskunta\/#website\"},\"primaryImageOfPage\":{\"@id\":\"https:\/\/suonteenkalatalousalue.fi\/joutsan-osakaskunta\/valokuvia\/#primaryimage\"},\"image\":{\"@id\":\"https:\/\/suonteenkalatalousalue.fi\/joutsan-osakaskunta\/valokuvia\/#primaryimage\"},\"thumbnailUrl\":\"https:\/\/suonteenkalatalousalue.fi\/joutsan-osakaskunta\/wp-content\/uploads\/sites\/2\/2020\/10\/viherkoski-2020.jpg\",\"datePublished\":\"2020-10-29T11:27:57+00:00\",\"dateModified\":\"2021-06-26T17:07:28+00:00\",\"breadcrumb\":{\"@id\":\"https:\/\/suonteenkalatalousalue.fi\/joutsan-osakaskunta\/valokuvia\/#breadcrumb\"},\"inLanguage\":\"fi\",\"potentialAction\":[{\"@type\":\"ReadAction\",\"target\":[\"https:\/\/suonteenkalatalousalue.fi\/joutsan-osakaskunta\/valokuvia\/\"]}]},{\"@type\":\"ImageObject\",\"inLanguage\":\"fi\",\"@id\":\"https:\/\/suonteenkalatalousalue.fi\/joutsan-osakaskunta\/valokuvia\/#primaryimage\",\"url\":\"https:\/\/suonteenkalatalousalue.fi\/joutsan-osakaskunta\/wp-content\/uploads\/sites\/2\/2020\/10\/viherkoski-2020.jpg\",\"contentUrl\":\"https:\/\/suonteenkalatalousalue.fi\/joutsan-osakaskunta\/wp-content\/uploads\/sites\/2\/2020\/10\/viherkoski-2020.jpg\",\"width\":798,\"height\":481,\"caption\":\"Viherinkoski 2.1.2020\"},{\"@type\":\"BreadcrumbList\",\"@id\":\"https:\/\/suonteenkalatalousalue.fi\/joutsan-osakaskunta\/valokuvia\/#breadcrumb\",\"itemListElement\":[{\"@type\":\"ListItem\",\"position\":1,\"name\":\"Home\",\"item\":\"https:\/\/suonteenkalatalousalue.fi\/joutsan-osakaskunta\/\"},{\"@type\":\"ListItem\",\"position\":2,\"name\":\"Valokuvia\"}]},{\"@type\":\"WebSite\",\"@id\":\"https:\/\/suonteenkalatalousalue.fi\/joutsan-osakaskunta\/#website\",\"url\":\"https:\/\/suonteenkalatalousalue.fi\/joutsan-osakaskunta\/\",\"name\":\"Joutsan osakaskunta\",\"description\":\"\",\"potentialAction\":[{\"@type\":\"SearchAction\",\"target\":{\"@type\":\"EntryPoint\",\"urlTemplate\":\"https:\/\/suonteenkalatalousalue.fi\/joutsan-osakaskunta\/?s={search_term_string}\"},\"query-input\":{\"@type\":\"PropertyValueSpecification\",\"valueRequired\":true,\"valueName\":\"search_term_string\"}}],\"inLanguage\":\"fi\"}]}<\/script>\n<!-- \/ Yoast SEO plugin. -->","yoast_head_json":{"title":"Valokuvia - Joutsan osakaskunta","robots":{"index":"index","follow":"follow","max-snippet":"max-snippet:-1","max-image-preview":"max-image-preview:large","max-video-preview":"max-video-preview:-1"},"canonical":"https:\/\/suonteenkalatalousalue.fi\/joutsan-osakaskunta\/valokuvia\/","og_locale":"fi_FI","og_type":"article","og_title":"Valokuvia - Joutsan osakaskunta","og_description":"Valokuvia","og_url":"https:\/\/suonteenkalatalousalue.fi\/joutsan-osakaskunta\/valokuvia\/","og_site_name":"Joutsan osakaskunta","article_modified_time":"2021-06-26T17:07:28+00:00","og_image":[{"url":"https:\/\/suonteenkalatalousalue.fi\/joutsan-osakaskunta\/wp-content\/uploads\/sites\/2\/2020\/10\/viherkoski-2020.jpg","type":"","width":"","height":""}],"twitter_card":"summary_large_image","twitter_misc":{"Arvioitu lukuaika":"3 minuuttia"},"schema":{"@context":"https:\/\/schema.org","@graph":[{"@type":"WebPage","@id":"https:\/\/suonteenkalatalousalue.fi\/joutsan-osakaskunta\/valokuvia\/","url":"https:\/\/suonteenkalatalousalue.fi\/joutsan-osakaskunta\/valokuvia\/","name":"Valokuvia - Joutsan osakaskunta","isPartOf":{"@id":"https:\/\/suonteenkalatalousalue.fi\/joutsan-osakaskunta\/#website"},"primaryImageOfPage":{"@id":"https:\/\/suonteenkalatalousalue.fi\/joutsan-osakaskunta\/valokuvia\/#primaryimage"},"image":{"@id":"https:\/\/suonteenkalatalousalue.fi\/joutsan-osakaskunta\/valokuvia\/#primaryimage"},"thumbnailUrl":"https:\/\/suonteenkalatalousalue.fi\/joutsan-osakaskunta\/wp-content\/uploads\/sites\/2\/2020\/10\/viherkoski-2020.jpg","datePublished":"2020-10-29T11:27:57+00:00","dateModified":"2021-06-26T17:07:28+00:00","breadcrumb":{"@id":"https:\/\/suonteenkalatalousalue.fi\/joutsan-osakaskunta\/valokuvia\/#breadcrumb"},"inLanguage":"fi","potentialAction":[{"@type":"ReadAction","target":["https:\/\/suonteenkalatalousalue.fi\/joutsan-osakaskunta\/valokuvia\/"]}]},{"@type":"ImageObject","inLanguage":"fi","@id":"https:\/\/suonteenkalatalousalue.fi\/joutsan-osakaskunta\/valokuvia\/#primaryimage","url":"https:\/\/suonteenkalatalousalue.fi\/joutsan-osakaskunta\/wp-content\/uploads\/sites\/2\/2020\/10\/viherkoski-2020.jpg","contentUrl":"https:\/\/suonteenkalatalousalue.fi\/joutsan-osakaskunta\/wp-content\/uploads\/sites\/2\/2020\/10\/viherkoski-2020.jpg","width":798,"height":481,"caption":"Viherinkoski 2.1.2020"},{"@type":"BreadcrumbList","@id":"https:\/\/suonteenkalatalousalue.fi\/joutsan-osakaskunta\/valokuvia\/#breadcrumb","itemListElement":[{"@type":"ListItem","position":1,"name":"Home","item":"https:\/\/suonteenkalatalousalue.fi\/joutsan-osakaskunta\/"},{"@type":"ListItem","position":2,"name":"Valokuvia"}]},{"@type":"WebSite","@id":"https:\/\/suonteenkalatalousalue.fi\/joutsan-osakaskunta\/#website","url":"https:\/\/suonteenkalatalousalue.fi\/joutsan-osakaskunta\/","name":"Joutsan osakaskunta","description":"","potentialAction":[{"@type":"SearchAction","target":{"@type":"EntryPoint","urlTemplate":"https:\/\/suonteenkalatalousalue.fi\/joutsan-osakaskunta\/?s={search_term_string}"},"query-input":{"@type":"PropertyValueSpecification","valueRequired":true,"valueName":"search_term_string"}}],"inLanguage":"fi"}]}},"_links":{"self":[{"href":"https:\/\/suonteenkalatalousalue.fi\/joutsan-osakaskunta\/wp-json\/wp\/v2\/pages\/78","targetHints":{"allow":["GET"]}}],"collection":[{"href":"https:\/\/suonteenkalatalousalue.fi\/joutsan-osakaskunta\/wp-json\/wp\/v2\/pages"}],"about":[{"href":"https:\/\/suonteenkalatalousalue.fi\/joutsan-osakaskunta\/wp-json\/wp\/v2\/types\/page"}],"author":[{"embeddable":true,"href":"https:\/\/suonteenkalatalousalue.fi\/joutsan-osakaskunta\/wp-json\/wp\/v2\/users\/1"}],"replies":[{"embeddable":true,"href":"https:\/\/suonteenkalatalousalue.fi\/joutsan-osakaskunta\/wp-json\/wp\/v2\/comments?post=78"}],"version-history":[{"count":9,"href":"https:\/\/suonteenkalatalousalue.fi\/joutsan-osakaskunta\/wp-json\/wp\/v2\/pages\/78\/revisions"}],"predecessor-version":[{"id":214,"href":"https:\/\/suonteenkalatalousalue.fi\/joutsan-osakaskunta\/wp-json\/wp\/v2\/pages\/78\/revisions\/214"}],"wp:attachment":[{"href":"https:\/\/suonteenkalatalousalue.fi\/joutsan-osakaskunta\/wp-json\/wp\/v2\/media?parent=78"}],"curies":[{"name":"wp","href":"https:\/\/api.w.org\/{rel}","templated":true}]}}